{"id":8,"date":"2022-02-03T11:36:49","date_gmt":"2022-02-03T10:36:49","guid":{"rendered":"https:\/\/www.grupboix.com\/?page_id=8"},"modified":"2022-02-03T16:12:23","modified_gmt":"2022-02-03T15:12:23","slug":"inicio","status":"publish","type":"page","link":"https:\/\/www.grupboix.com\/es\/","title":{"rendered":"Inicio"},"content":{"rendered":"<div class=\"wpb-content-wrapper\"><p>[vc_row el_class=\u00bbsection-green section-home-img img-block-container section-home-first\u00bb][vc_column el_class=\u00bbcontainer\u00bb][vc_row_inner][vc_column_inner width=\u00bb1\/2&#8243;][vc_column_text]<\/p>\n<h2>Econom\u00eda circular<\/h2>\n<p>En un contexto de transici\u00f3n hacia nuevos modelos sostenibles, apostamos por un modelo circular para garantizar la preservaci\u00f3n medioambiental y econ\u00f3mica del territorio.<\/p>\n<p>    <a href=\"https:\/\/www.grupboix.com\/es\/sostenibilidad\/\" class=\"btn btn-primary\" >Sostenibilidad<\/a>\n[\/vc_column_text][\/vc_column_inner][vc_column_inner width=\u00bb1\/2&#8243;][vc_column_text]<\/p>\n<div class=\"img-block\" style=\"background-image: url('https:\/\/www.grupboix.com\/wp-content\/uploads\/2021\/10\/home-empresa-2.jpg');\"><\/div>\n<p>[\/vc_column_text][\/vc_column_inner][\/vc_row_inner][\/vc_column][\/vc_row][vc_row el_class=\u00bbsection-green section-home-img img-block-container section-home-second\u00bb][vc_column el_class=\u00bbcontainer\u00bb][vc_row_inner][vc_column_inner width=\u00bb1\/2&#8243;][vc_column_text]<\/p>\n<h2>V\u00ednculo territorial<\/h2>\n<p>Aplicamos la innovaci\u00f3n a nuevos procesos que nos permitan revalorizar la madera y desarrollar nuevos \u00e1mbitos de bioeconom\u00eda forestal.<\/p>\n<p>    <a href=\"https:\/\/www.grupboix.com\/es\/empresa\/\" class=\"btn btn-primary\" >Empresa<\/a>\n[\/vc_column_text][\/vc_column_inner][vc_column_inner width=\u00bb1\/2&#8243;][vc_column_text]<\/p>\n<div class=\"img-block\" style=\"background-image: url('https:\/\/www.grupboix.com\/wp-content\/uploads\/2021\/10\/home-sostenibilidad-2.jpg');\"><\/div>\n<p>[\/vc_column_text][\/vc_column_inner][\/vc_row_inner][\/vc_column][\/vc_row][vc_row el_class=\u00bbsection-home-productos\u00bb][vc_column el_class=\u00bbcontainer\u00bb][vc_column_text]\n<div class=\"row justify-content-md-center\">\n  \n    <div class=\"col-sm-4\">\n      <a href=\"https:\/\/www.grupboix.com\/es\/negocio\/boix-forestal\/\" class=\"link-box\">\n        <img decoding=\"async\" class=\"alignnone size-full\" src=\"https:\/\/www.grupboix.com\/wp-content\/uploads\/2021\/10\/box-forestal.jpg\" alt=\"\" \/>\n        <div class=\"box-title\">\n        <h2><span>Boix<\/span>Forestal<\/h2>\n        <p>Gesti\u00f3n forestal sostenible y certificada.<\/p>\n        <\/div>\n      <\/a>\n    <\/div>\n\n  \n    <div class=\"col-sm-4\">\n      <a href=\"https:\/\/www.grupboix.com\/es\/negocio\/boix-madera\/\" class=\"link-box\">\n        <img decoding=\"async\" class=\"alignnone size-full\" src=\"https:\/\/www.grupboix.com\/wp-content\/uploads\/2021\/10\/box-madera.jpg\" alt=\"\" \/>\n        <div class=\"box-title\">\n        <h2><span>Boix<\/span>Madera<\/h2>\n        <p>Primera transformaci\u00f3n y aprovechamiento integral de la madera.<\/p>\n        <\/div>\n      <\/a>\n    <\/div>\n\n  \n    <div class=\"col-sm-4\">\n      <a href=\"https:\/\/www.grupboix.com\/es\/negocio\/boix-biomasa\/\" class=\"link-box\">\n        <img decoding=\"async\" class=\"alignnone size-full\" src=\"https:\/\/www.grupboix.com\/wp-content\/uploads\/2021\/10\/box-biomasa.jpg\" alt=\"\" \/>\n        <div class=\"box-title\">\n        <h2><span>Boix<\/span>Biomasa<\/h2>\n        <p>Materia prima y soluciones energ\u00e9ticas.<\/p>\n        <\/div>\n      <\/a>\n    <\/div>\n\n  \n    <div class=\"col-sm-4\">\n      <a href=\"https:\/\/www.grupboix.com\/es\/negocio\/boix-embalaje\/\" class=\"link-box\">\n        <img decoding=\"async\" class=\"alignnone size-full\" src=\"https:\/\/www.grupboix.com\/wp-content\/uploads\/2021\/10\/box-embalajes.jpg\" alt=\"\" \/>\n        <div class=\"box-title\">\n        <h2><span>Boix<\/span>Embalajes<\/h2>\n        <p>Almacenaje y transporte<\/p>\n        <\/div>\n      <\/a>\n    <\/div>\n\n  \n    <div class=\"col-sm-4\">\n      <a href=\"https:\/\/www.grupboix.com\/es\/negocio\/boix-seguridad-vial\/\" class=\"link-box\">\n        <img decoding=\"async\" class=\"alignnone size-full\" src=\"https:\/\/www.grupboix.com\/wp-content\/uploads\/2021\/10\/box-seguridad.jpg\" alt=\"\" \/>\n        <div class=\"box-title\">\n        <h2><span>Boix<\/span>Seguridad Vial<\/h2>\n        <p>Delimitaci\u00f3n de espacios urbanos y rurales.<\/p>\n        <\/div>\n      <\/a>\n    <\/div>\n\n  \n    <div class=\"col-sm-4\">\n      <a href=\"https:\/\/www.grupboix.com\/es\/negocio\/paneles-clt\/\" class=\"link-box\">\n        <img decoding=\"async\" class=\"alignnone size-full\" src=\"https:\/\/www.grupboix.com\/wp-content\/uploads\/2025\/10\/fusta-clt-600x600-1.jpg\" alt=\"\" \/>\n        <div class=\"box-title\">\n        <h2><span>Boix<\/span>Paneles CLT<\/h2>\n        <p>El CLT (Cross Laminated Timber) es un panel de madera contralaminada formado por capas encoladas de forma cruzada, que le confieren una gran resistencia estructural, estabilidad dimensional y versatilidad constructiva.<\/p>\n        <\/div>\n      <\/a>\n    <\/div>\n\n    \n<\/div>\n\n[\/vc_column_text][\/vc_column][\/vc_row][vc_row el_class=\u00bbsection-home-noticias\u00bb][vc_column el_class=\u00bbcontainer\u00bb][vc_column_text]\n    <div class=\"cont-slider-sos\">\n      <div class=\"ultimas-entradas swiper-container\" id=\"ultimas-entradas\">\n        <div class=\"swiper-wrapper\">\n                        <div class=\"swiper-slide\">\n              <div class=\"cont-entrada\">\r\n\t<a href=\"https:\/\/www.grupboix.com\/es\/grup-boix-recibe-ayudas-para-impulsar-la-nueva-planta-de-clt-en-el-bergueda\/\" title=\"Grup Boix recibe ayudas para impulsar la nueva planta de CLT en el Bergued\u00e0\" class=\"link-img\">\r\n\t\t<img decoding=\"async\" src=\"https:\/\/www.grupboix.com\/wp-content\/uploads\/2026\/04\/producte-1-800x600.jpg\" class='img-fluid'>\r\n\t<\/a>\r\n\r\n\t<a href=\"https:\/\/www.grupboix.com\/es\/grup-boix-recibe-ayudas-para-impulsar-la-nueva-planta-de-clt-en-el-bergueda\/\" title=\"Grup Boix recibe ayudas para impulsar la nueva planta de CLT en el Bergued\u00e0\" class='link-title'>\r\n\t\t<h2>Grup Boix recibe ayudas para impulsar la nueva planta de CLT en el Bergued\u00e0<\/h2>\r\n\t<\/a>\r\n\r\n\t<p>En Serradora Boix, S.L. hemos sido beneficiarios de la l\u00ednea de ayudas a inversiones empresariales de alto impacto 2023, impulsada por ...<\/p>\r\n\r\n\t<a href=\"https:\/\/www.grupboix.com\/es\/grup-boix-recibe-ayudas-para-impulsar-la-nueva-planta-de-clt-en-el-bergueda\/\" class=\"btn btn-primary\">Leer m\u00e1s<\/a>\r\n\r\n<\/div>            <\/div>\n\n                        <div class=\"swiper-slide\">\n              <div class=\"cont-entrada\">\r\n\t<a href=\"https:\/\/www.grupboix.com\/es\/grup-boix-irrumpe-en-el-sector-de-la-construccion-en-madera-con-su-primera-participacion-en-rebuild-2026\/\" title=\"Grup Boix irrumpe en el sector de la construcci\u00f3n en madera con su primera participaci\u00f3n en REBUILD 2026\" class=\"link-img\">\r\n\t\t<img decoding=\"async\" src=\"https:\/\/www.grupboix.com\/wp-content\/uploads\/2026\/03\/grup-boix-irromp-al-sector-de-la-construccio-en-fusta-amb-la-seva-primera-participacio-a-rebuild-2026-1-800x600.jpg\" class='img-fluid'>\r\n\t<\/a>\r\n\r\n\t<a href=\"https:\/\/www.grupboix.com\/es\/grup-boix-irrumpe-en-el-sector-de-la-construccion-en-madera-con-su-primera-participacion-en-rebuild-2026\/\" title=\"Grup Boix irrumpe en el sector de la construcci\u00f3n en madera con su primera participaci\u00f3n en REBUILD 2026\" class='link-title'>\r\n\t\t<h2>Grup Boix irrumpe en el sector de la construcci\u00f3n en madera con su primera participaci\u00f3n en REBUILD 2026<\/h2>\r\n\t<\/a>\r\n\r\n\t<p>Grup Boix participar\u00e1 por primera vez como expositor en REBUILD 2026, el principal evento de innovaci\u00f3n para el sector de la edificaci\u00f3n en\n...<\/p>\r\n\r\n\t<a href=\"https:\/\/www.grupboix.com\/es\/grup-boix-irrumpe-en-el-sector-de-la-construccion-en-madera-con-su-primera-participacion-en-rebuild-2026\/\" class=\"btn btn-primary\">Leer m\u00e1s<\/a>\r\n\r\n<\/div>            <\/div>\n\n                        <div class=\"swiper-slide\">\n              <div class=\"cont-entrada\">\r\n\t<a href=\"https:\/\/www.grupboix.com\/es\/grup-boix-impulsa-el-empleo-industrial-y-el-valor-anadido-en-el-bergueda-con-un-modelo-forestal-integrado\/\" title=\"Grup Boix impulsa el empleo industrial y el valor a\u00f1adido en el Bergued\u00e0 con un modelo forestal integrado\" class=\"link-img\">\r\n\t\t<img decoding=\"async\" src=\"https:\/\/www.grupboix.com\/wp-content\/uploads\/2026\/01\/grup-boix-impulsa-el-empleo-industrial.png\" class='img-fluid'>\r\n\t<\/a>\r\n\r\n\t<a href=\"https:\/\/www.grupboix.com\/es\/grup-boix-impulsa-el-empleo-industrial-y-el-valor-anadido-en-el-bergueda-con-un-modelo-forestal-integrado\/\" title=\"Grup Boix impulsa el empleo industrial y el valor a\u00f1adido en el Bergued\u00e0 con un modelo forestal integrado\" class='link-title'>\r\n\t\t<h2>Grup Boix impulsa el empleo industrial y el valor a\u00f1adido en el Bergued\u00e0 con un modelo forestal integrado<\/h2>\r\n\t<\/a>\r\n\r\n\t<p>En un contexto de reindustrializaci\u00f3n del pa\u00eds y de dificultades para retener talento fuera de las grandes \u00e1reas urbanas, Grup Boix se ha consolidado\n...<\/p>\r\n\r\n\t<a href=\"https:\/\/www.grupboix.com\/es\/grup-boix-impulsa-el-empleo-industrial-y-el-valor-anadido-en-el-bergueda-con-un-modelo-forestal-integrado\/\" class=\"btn btn-primary\">Leer m\u00e1s<\/a>\r\n\r\n<\/div>            <\/div>\n\n                        <div class=\"swiper-slide\">\n              <div class=\"cont-entrada\">\r\n\t<a href=\"https:\/\/www.grupboix.com\/es\/grup-boix-alerta-sobre-el-riesgo-de-incendios-y-reivindica-la-gestion-forestal-con-la-llegada-del-invierno\/\" title=\"Grup Boix alerta sobre el riesgo de incendios y reivindica la gesti\u00f3n forestal con la llegada del invierno\" class=\"link-img\">\r\n\t\t<img decoding=\"async\" src=\"https:\/\/www.grupboix.com\/wp-content\/uploads\/2025\/12\/grup-boix-alerta-sobre-el-riesgo-de-incendios-y-reivindica-la-gestion-forestal-con-la-llegada-del-invierno-800x600.jpg\" class='img-fluid'>\r\n\t<\/a>\r\n\r\n\t<a href=\"https:\/\/www.grupboix.com\/es\/grup-boix-alerta-sobre-el-riesgo-de-incendios-y-reivindica-la-gestion-forestal-con-la-llegada-del-invierno\/\" title=\"Grup Boix alerta sobre el riesgo de incendios y reivindica la gesti\u00f3n forestal con la llegada del invierno\" class='link-title'>\r\n\t\t<h2>Grup Boix alerta sobre el riesgo de incendios y reivindica la gesti\u00f3n forestal con la llegada del invierno<\/h2>\r\n\t<\/a>\r\n\r\n\t<p>La empresa berguedana Boix, referente en gesti\u00f3n forestal y transformaci\u00f3n de la madera, hace un llamamiento p\u00fablico a reforzar la gesti\u00f3n de los bosques\n...<\/p>\r\n\r\n\t<a href=\"https:\/\/www.grupboix.com\/es\/grup-boix-alerta-sobre-el-riesgo-de-incendios-y-reivindica-la-gestion-forestal-con-la-llegada-del-invierno\/\" class=\"btn btn-primary\">Leer m\u00e1s<\/a>\r\n\r\n<\/div>            <\/div>\n\n                        <div class=\"swiper-slide\">\n              <div class=\"cont-entrada\">\r\n\t<a href=\"https:\/\/www.grupboix.com\/es\/subvencion-destinada-al-proyecto-constructivo-de-la-nueva-planta-de-clt\/\" title=\"Subvenci\u00f3n destinada al proyecto constructivo de la nueva planta de CLT\" class=\"link-img\">\r\n\t\t<img decoding=\"async\" src=\"https:\/\/www.grupboix.com\/wp-content\/uploads\/2025\/11\/20250903_173930-800x600.jpg\" class='img-fluid'>\r\n\t<\/a>\r\n\r\n\t<a href=\"https:\/\/www.grupboix.com\/es\/subvencion-destinada-al-proyecto-constructivo-de-la-nueva-planta-de-clt\/\" title=\"Subvenci\u00f3n destinada al proyecto constructivo de la nueva planta de CLT\" class='link-title'>\r\n\t\t<h2>Subvenci\u00f3n destinada al proyecto constructivo de la nueva planta de CLT<\/h2>\r\n\t<\/a>\r\n\r\n\t<p>Serradora Boix SL ha recibido una subvenci\u00f3n del Departamento de Empresa y Trabajo de la Generalitat de Catalu\u00f1a, a trav\u00e9s\n...<\/p>\r\n\r\n\t<a href=\"https:\/\/www.grupboix.com\/es\/subvencion-destinada-al-proyecto-constructivo-de-la-nueva-planta-de-clt\/\" class=\"btn btn-primary\">Leer m\u00e1s<\/a>\r\n\r\n<\/div>            <\/div>\n\n                        <div class=\"swiper-slide\">\n              <div class=\"cont-entrada\">\r\n\t<a href=\"https:\/\/www.grupboix.com\/es\/grup-boix-consolida-su-liderazgo-con-una-inversion-industrial-de-40-millones-de-euros\/\" title=\"Grup Boix consolida su liderazgo con una inversi\u00f3n industrial de 40 millones de euros\" class=\"link-img\">\r\n\t\t<img decoding=\"async\" src=\"https:\/\/www.grupboix.com\/wp-content\/uploads\/2025\/11\/grup-boix-2-800x600.jpg\" class='img-fluid'>\r\n\t<\/a>\r\n\r\n\t<a href=\"https:\/\/www.grupboix.com\/es\/grup-boix-consolida-su-liderazgo-con-una-inversion-industrial-de-40-millones-de-euros\/\" title=\"Grup Boix consolida su liderazgo con una inversi\u00f3n industrial de 40 millones de euros\" class='link-title'>\r\n\t\t<h2>Grup Boix consolida su liderazgo con una inversi\u00f3n industrial de 40 millones de euros<\/h2>\r\n\t<\/a>\r\n\r\n\t<p>La empresa berguedana refuerza su actividad industrial con la puesta en marcha de una nueva planta de madera contralaminada (CLT) en Puig-reig, un proyecto\n...<\/p>\r\n\r\n\t<a href=\"https:\/\/www.grupboix.com\/es\/grup-boix-consolida-su-liderazgo-con-una-inversion-industrial-de-40-millones-de-euros\/\" class=\"btn btn-primary\">Leer m\u00e1s<\/a>\r\n\r\n<\/div>            <\/div>\n\n                        <div class=\"swiper-slide\">\n              <div class=\"cont-entrada\">\r\n\t<a href=\"https:\/\/www.grupboix.com\/es\/rebem-una-subvencio-europea-per-impulsar-la-sostenibilitat-energetica\/\" title=\"Recibimos una subvenci\u00f3n europea para impulsar la sostenibilidad energ\u00e9tica\" class=\"link-img\">\r\n\t\t<img decoding=\"async\" src=\"https:\/\/www.grupboix.com\/wp-content\/uploads\/2025\/03\/subvencio-800x600.jpg\" class='img-fluid'>\r\n\t<\/a>\r\n\r\n\t<a href=\"https:\/\/www.grupboix.com\/es\/rebem-una-subvencio-europea-per-impulsar-la-sostenibilitat-energetica\/\" title=\"Recibimos una subvenci\u00f3n europea para impulsar la sostenibilidad energ\u00e9tica\" class='link-title'>\r\n\t\t<h2>Recibimos una subvenci\u00f3n europea para impulsar la sostenibilidad energ\u00e9tica<\/h2>\r\n\t<\/a>\r\n\r\n\t<p>Serradora Boix, S.L. ha sido beneficiaria de una subvenci\u00f3n en el marco del programa de ayudas a las energ\u00edas renovables t\u00e9rmicas en diferentes sectores\n...<\/p>\r\n\r\n\t<a href=\"https:\/\/www.grupboix.com\/es\/rebem-una-subvencio-europea-per-impulsar-la-sostenibilitat-energetica\/\" class=\"btn btn-primary\">Leer m\u00e1s<\/a>\r\n\r\n<\/div>            <\/div>\n\n                        <div class=\"swiper-slide\">\n              <div class=\"cont-entrada\">\r\n\t<a href=\"https:\/\/www.grupboix.com\/es\/serradora-boix-rep-una-subvencio-per-a-la-transformacio-i-comercialitzacio-de-productes-forestals\/\" title=\"Serradora Boix recibe una subvenci\u00f3n para la transformaci\u00f3n y comercializaci\u00f3n de productos forestales\" class=\"link-img\">\r\n\t\t<img decoding=\"async\" src=\"https:\/\/www.grupboix.com\/wp-content\/uploads\/2025\/09\/whatsapp-image-2025-09-26-at-13.53.51-800x600.jpeg\" class='img-fluid'>\r\n\t<\/a>\r\n\r\n\t<a href=\"https:\/\/www.grupboix.com\/es\/serradora-boix-rep-una-subvencio-per-a-la-transformacio-i-comercialitzacio-de-productes-forestals\/\" title=\"Serradora Boix recibe una subvenci\u00f3n para la transformaci\u00f3n y comercializaci\u00f3n de productos forestales\" class='link-title'>\r\n\t\t<h2>Serradora Boix recibe una subvenci\u00f3n para la transformaci\u00f3n y comercializaci\u00f3n de productos forestales<\/h2>\r\n\t<\/a>\r\n\r\n\t<p>Serradora Boix, SL ha sido beneficiaria de la ayuda para inversiones en la transformaci\u00f3n y comercializaci\u00f3n de los productos forestales (convocatoria 2024) .\nLa\n...<\/p>\r\n\r\n\t<a href=\"https:\/\/www.grupboix.com\/es\/serradora-boix-rep-una-subvencio-per-a-la-transformacio-i-comercialitzacio-de-productes-forestals\/\" class=\"btn btn-primary\">Leer m\u00e1s<\/a>\r\n\r\n<\/div>            <\/div>\n\n                        <div class=\"swiper-slide\">\n              <div class=\"cont-entrada\">\r\n\t<a href=\"https:\/\/www.grupboix.com\/es\/iniciamos-las-obras-de-la-nueva-planta-de-produccion-de-clt\/\" title=\"Iniciamos las obras de la nueva planta de producci\u00f3n de CLT\" class=\"link-img\">\r\n\t\t<img decoding=\"async\" src=\"https:\/\/www.grupboix.com\/wp-content\/uploads\/2024\/08\/dji_20240730082733_0024_d-800x600.jpg\" class='img-fluid'>\r\n\t<\/a>\r\n\r\n\t<a href=\"https:\/\/www.grupboix.com\/es\/iniciamos-las-obras-de-la-nueva-planta-de-produccion-de-clt\/\" title=\"Iniciamos las obras de la nueva planta de producci\u00f3n de CLT\" class='link-title'>\r\n\t\t<h2>Iniciamos las obras de la nueva planta de producci\u00f3n de CLT<\/h2>\r\n\t<\/a>\r\n\r\n\t<p>Grup Boix da el pistoletazo de salida a las obras de construcci\u00f3n de la nueva f\u00e1brica de paneles de madera contralaminada (CLT) en\n...<\/p>\r\n\r\n\t<a href=\"https:\/\/www.grupboix.com\/es\/iniciamos-las-obras-de-la-nueva-planta-de-produccion-de-clt\/\" class=\"btn btn-primary\">Leer m\u00e1s<\/a>\r\n\r\n<\/div>            <\/div>\n\n                    <\/div>\n\n      <\/div>\n      <div class=\"swiper-arrow-button swiper-button-prev swiper-button-prev-btn-primary\"><\/div>\n      <div class=\"swiper-arrow-button swiper-button-next swiper-button-next-btn-primary\"><\/div>\n    <\/div>  \n\n      <script type=\"text\/javascript\">\n        var ultimas_entradas = new Swiper('#ultimas-entradas', {\n          slidesPerView: 1,\n          spaceBetween: 30,\n          loop: true,\n          navigation: {\n            nextEl: '.swiper-button-next-btn-primary',\n            prevEl: '.swiper-button-prev-btn-primary',\n          },\n          breakpoints: {\n            767: {\n              slidesPerView: 2,\n              spaceBetween: 30,\n            },\n            991: {\n              slidesPerView: 2,\n              spaceBetween: 30,\n            },\n            1199: {\n              slidesPerView: 3,\n              spaceBetween: 30,\n            },\n          }\n        });\n      <\/script>\n\n    [\/vc_column_text][\/vc_column][\/vc_row]<\/p>\n<\/div>","protected":false},"excerpt":{"rendered":"<p>[vc_row el_class=\u00bbsection-green section-home-img img-block-container section-home-first\u00bb][vc_column el_class=\u00bbcontainer\u00bb][vc_row_inner][vc_column_inner width=\u00bb1\/2&#8243;][vc_column_text] Econom\u00eda circular En un contexto de transici\u00f3n hacia nuevos modelos sostenibles, apostamos por un modelo circular para garantizar la preservaci\u00f3n medioambiental y econ\u00f3mica del territorio. [\/vc_column_text][\/vc_column_inner][vc_column_inner width=\u00bb1\/2&#8243;][vc_column_text] [\/vc_column_text][\/vc_column_inner][\/vc_row_inner][\/vc_column][\/vc_row][vc_row el_class=\u00bbsection-green section-home-img img-block-container section-home-second\u00bb][vc_column el_class=\u00bbcontainer\u00bb][vc_row_inner][vc_column_inner width=\u00bb1\/2&#8243;][vc_column_text] V\u00ednculo territorial Aplicamos la innovaci\u00f3n a nuevos procesos que nos permitan revalorizar la madera [&hellip;]<\/p>\n","protected":false},"author":3,"featured_media":0,"parent":0,"menu_order":0,"comment_status":"closed","ping_status":"closed","template":"template-home.php","meta":{"footnotes":""},"class_list":["post-8","page","type-page","status-publish","hentry"],"yoast_head":"<!-- This site is optimized with the Yoast SEO plugin v27.5 - https:\/\/yoast.com\/product\/yoast-seo-wordpress\/ -->\n<title>Grup Boix<\/title>\n<meta name=\"description\" content=\"Asegurar la protecci\u00f3n, la regeneraci\u00f3n y la supervivencia de los bosques para mejorar su capacidad de adaptaci\u00f3n y mantener la biodiversidad.\" \/>\n<meta name=\"robots\" content=\"index, follow, max-snippet:-1, max-image-preview:large, max-video-preview:-1\" \/>\n<link rel=\"canonical\" href=\"https:\/\/www.grupboix.com\/es\/\" \/>\n<meta property=\"og:locale\" content=\"es_ES\" \/>\n<meta property=\"og:type\" content=\"article\" \/>\n<meta property=\"og:title\" content=\"Grup Boix\" \/>\n<meta property=\"og:description\" content=\"Asegurar la protecci\u00f3n, la regeneraci\u00f3n y la supervivencia de los bosques para mejorar su capacidad de adaptaci\u00f3n y mantener la biodiversidad.\" \/>\n<meta property=\"og:url\" content=\"https:\/\/www.grupboix.com\/es\/\" \/>\n<meta property=\"og:site_name\" content=\"Grup Boix\" \/>\n<meta property=\"article:publisher\" content=\"https:\/\/www.facebook.com\/serradoraboix\" \/>\n<meta property=\"article:modified_time\" content=\"2022-02-03T15:12:23+00:00\" \/>\n<meta property=\"og:image\" content=\"https:\/\/www.grupboix.com\/wp-content\/uploads\/2021\/11\/fb-share.png\" \/>\n\t<meta property=\"og:image:width\" content=\"1200\" \/>\n\t<meta property=\"og:image:height\" content=\"630\" \/>\n\t<meta property=\"og:image:type\" content=\"image\/png\" \/>\n<meta name=\"twitter:card\" content=\"summary_large_image\" \/>\n<meta name=\"twitter:site\" content=\"@serradoraboix\" \/>\n<meta name=\"twitter:label1\" content=\"Tiempo de lectura\" \/>\n\t<meta name=\"twitter:data1\" content=\"1 minuto\" \/>\n<script type=\"application\/ld+json\" class=\"yoast-schema-graph\">{\"@context\":\"https:\\\/\\\/schema.org\",\"@graph\":[{\"@type\":\"WebPage\",\"@id\":\"https:\\\/\\\/www.grupboix.com\\\/es\\\/\",\"url\":\"https:\\\/\\\/www.grupboix.com\\\/es\\\/\",\"name\":\"Grup Boix\",\"isPartOf\":{\"@id\":\"https:\\\/\\\/www.grupboix.com\\\/#website\"},\"datePublished\":\"2022-02-03T10:36:49+00:00\",\"dateModified\":\"2022-02-03T15:12:23+00:00\",\"description\":\"Asegurar la protecci\u00f3n, la regeneraci\u00f3n y la supervivencia de los bosques para mejorar su capacidad de adaptaci\u00f3n y mantener la biodiversidad.\",\"inLanguage\":\"es\",\"potentialAction\":[{\"@type\":\"ReadAction\",\"target\":[\"https:\\\/\\\/www.grupboix.com\\\/es\\\/\"]}]},{\"@type\":\"WebSite\",\"@id\":\"https:\\\/\\\/www.grupboix.com\\\/#website\",\"url\":\"https:\\\/\\\/www.grupboix.com\\\/\",\"name\":\"Grup Boix\",\"description\":\"Fusta avui, bosc per sempre! Assegurar la protecci\u00f3, la regeneraci\u00f3 i la superviv\u00e8ncia dels boscos per millorar la seva capacitat d\u2019adaptaci\u00f3 i mantenir la biodiversitat\",\"potentialAction\":[{\"@type\":\"SearchAction\",\"target\":{\"@type\":\"EntryPoint\",\"urlTemplate\":\"https:\\\/\\\/www.grupboix.com\\\/?s={search_term_string}\"},\"query-input\":{\"@type\":\"PropertyValueSpecification\",\"valueRequired\":true,\"valueName\":\"search_term_string\"}}],\"inLanguage\":\"es\"}]}<\/script>\n<!-- \/ Yoast SEO plugin. -->","yoast_head_json":{"title":"Grup Boix","description":"Asegurar la protecci\u00f3n, la regeneraci\u00f3n y la supervivencia de los bosques para mejorar su capacidad de adaptaci\u00f3n y mantener la biodiversidad.","robots":{"index":"index","follow":"follow","max-snippet":"max-snippet:-1","max-image-preview":"max-image-preview:large","max-video-preview":"max-video-preview:-1"},"canonical":"https:\/\/www.grupboix.com\/es\/","og_locale":"es_ES","og_type":"article","og_title":"Grup Boix","og_description":"Asegurar la protecci\u00f3n, la regeneraci\u00f3n y la supervivencia de los bosques para mejorar su capacidad de adaptaci\u00f3n y mantener la biodiversidad.","og_url":"https:\/\/www.grupboix.com\/es\/","og_site_name":"Grup Boix","article_publisher":"https:\/\/www.facebook.com\/serradoraboix","article_modified_time":"2022-02-03T15:12:23+00:00","og_image":[{"width":1200,"height":630,"url":"https:\/\/www.grupboix.com\/wp-content\/uploads\/2021\/11\/fb-share.png","type":"image\/png"}],"twitter_card":"summary_large_image","twitter_site":"@serradoraboix","twitter_misc":{"Tiempo de lectura":"1 minuto"},"schema":{"@context":"https:\/\/schema.org","@graph":[{"@type":"WebPage","@id":"https:\/\/www.grupboix.com\/es\/","url":"https:\/\/www.grupboix.com\/es\/","name":"Grup Boix","isPartOf":{"@id":"https:\/\/www.grupboix.com\/#website"},"datePublished":"2022-02-03T10:36:49+00:00","dateModified":"2022-02-03T15:12:23+00:00","description":"Asegurar la protecci\u00f3n, la regeneraci\u00f3n y la supervivencia de los bosques para mejorar su capacidad de adaptaci\u00f3n y mantener la biodiversidad.","inLanguage":"es","potentialAction":[{"@type":"ReadAction","target":["https:\/\/www.grupboix.com\/es\/"]}]},{"@type":"WebSite","@id":"https:\/\/www.grupboix.com\/#website","url":"https:\/\/www.grupboix.com\/","name":"Grup Boix","description":"Fusta avui, bosc per sempre! Assegurar la protecci\u00f3, la regeneraci\u00f3 i la superviv\u00e8ncia dels boscos per millorar la seva capacitat d\u2019adaptaci\u00f3 i mantenir la biodiversitat","potentialAction":[{"@type":"SearchAction","target":{"@type":"EntryPoint","urlTemplate":"https:\/\/www.grupboix.com\/?s={search_term_string}"},"query-input":{"@type":"PropertyValueSpecification","valueRequired":true,"valueName":"search_term_string"}}],"inLanguage":"es"}]}},"_links":{"self":[{"href":"https:\/\/www.grupboix.com\/es\/wp-json\/wp\/v2\/pages\/8","targetHints":{"allow":["GET"]}}],"collection":[{"href":"https:\/\/www.grupboix.com\/es\/wp-json\/wp\/v2\/pages"}],"about":[{"href":"https:\/\/www.grupboix.com\/es\/wp-json\/wp\/v2\/types\/page"}],"author":[{"embeddable":true,"href":"https:\/\/www.grupboix.com\/es\/wp-json\/wp\/v2\/users\/3"}],"replies":[{"embeddable":true,"href":"https:\/\/www.grupboix.com\/es\/wp-json\/wp\/v2\/comments?post=8"}],"version-history":[{"count":50,"href":"https:\/\/www.grupboix.com\/es\/wp-json\/wp\/v2\/pages\/8\/revisions"}],"predecessor-version":[{"id":762,"href":"https:\/\/www.grupboix.com\/es\/wp-json\/wp\/v2\/pages\/8\/revisions\/762"}],"wp:attachment":[{"href":"https:\/\/www.grupboix.com\/es\/wp-json\/wp\/v2\/media?parent=8"}],"curies":[{"name":"wp","href":"https:\/\/api.w.org\/{rel}","templated":true}]}}