{"id":18,"date":"2022-02-03T11:39:28","date_gmt":"2022-02-03T10:39:28","guid":{"rendered":"https:\/\/www.grupboix.com\/?page_id=18"},"modified":"2022-09-02T15:58:28","modified_gmt":"2022-09-02T13:58:28","slug":"empresa","status":"publish","type":"page","link":"https:\/\/www.grupboix.com\/es\/empresa\/","title":{"rendered":"Empresa"},"content":{"rendered":"<div class=\"wpb-content-wrapper\"><p>[vc_row el_class=\u00bbsection-quienes-somos section-imagen-left\u00bb][vc_column el_class=\u00bbcontainer\u00bb][vc_row_inner][vc_column_inner el_class=\u00bbcolumna-imagen\u00bb width=\u00bb1\/2&#8243;][vc_raw_html]JTNDZGl2JTIwY2xhc3MlM0QlMjJpbWctYmxvY2stbGVmdCUyMiUyMHN0eWxlJTNEJTIyYmFja2dyb3VuZC1pbWFnZSUzQSUyMHVybCUyOGh0dHBzJTNBJTJGJTJGd3d3LmdydXBib2l4LmNvbSUyRndwLWNvbnRlbnQlMkZ1cGxvYWRzJTJGMjAyMiUyRjA5JTJGZW1wcmVzYS1xdWllbmVzLTEuanBnJTI5JTIyJTNFJTNDJTJGZGl2JTNF[\/vc_raw_html][\/vc_column_inner][vc_column_inner el_class=\u00bbcol-negocio-texto\u00bb width=\u00bb1\/2&#8243;][vc_column_text]    <div class=\"section-title titulo-principal\">\n      <h2>  Qui\u00e9nes somos<\/h2>\n          <\/div>\n<p>Originarios del Bergued\u00e0, hemos vivido siempre vinculados al bosque y con el compromiso de trabajar para el desarrollo econ\u00f3mico territorial y la gesti\u00f3n sostenible del medio natural. Aplicamos la innovaci\u00f3n para crear valor al capital natural forestal, garantizamos la conservaci\u00f3n y la regeneraci\u00f3n natural de los bosques con estrictos protocolos de actuaci\u00f3n a la vez que promovemos la modernizaci\u00f3n de la ind\u00fastria y la mayor competitividad del sector forestal.<\/p>\n<p>&nbsp;<\/p>\n<h6><a style=\"color: #60875b;\" href=\"https:\/\/www.grupboix.com\/wp-content\/uploads\/2022\/07\/objectiu-social-serradora-boix.pdf\" target=\"_blank\" rel=\"noopener\">\u21aa Objectivo Social Serradora Boix [PDF, 78 kB]<\/a><\/h6>\n<p>[\/vc_column_text][\/vc_column_inner][\/vc_row_inner][\/vc_column][\/vc_row][vc_row el_class=\u00bbsection-equipo section-imagen-right\u00bb][vc_column el_class=\u00bbcontainer\u00bb][vc_row_inner][vc_column_inner el_class=\u00bbcol-negocio-texto\u00bb width=\u00bb1\/2&#8243;][vc_column_text]    <div class=\"section-title titulo-principal\">\n      <h2>  Equipo<\/h2>\n          <\/div>\n<p>Grupo Boix fuimos pioneros en los a\u00f1os 90 en la incorporaci\u00f3n de ingenieros forestales para asegurar que la actividad realizada en el bosque se produce con las garant\u00edas ambientales, sociales, \u00e9ticas y legales m\u00e1s estrictas. Desde entonces hemos ampliado nuestras divisiones de negocio con nuevos profesionales comprometidos con los mismos valores de v\u00ednculo con el territorio y respeto por la naturaleza.<\/p>\n<div class=\"leyenda-equipo\">\n<h4>Equipo directivo:<\/h4>\n<p>Joan Boix &#8211; Consejero Delegado<br \/>\nJosep M. Boix &#8211; Presidente<br \/>\nCarles Mart\u00ed &#8211; Director General<\/p>\n<\/div>\n<p>[\/vc_column_text][\/vc_column_inner][vc_column_inner el_class=\u00bbcolumna-imagen\u00bb width=\u00bb1\/2&#8243;][vc_raw_html]JTNDZGl2JTIwY2xhc3MlM0QlMjJpbWctYmxvY2slMjIlMjBzdHlsZSUzRCUyMmJhY2tncm91bmQtaW1hZ2UlM0ElMjB1cmwlMjhodHRwcyUzQSUyRiUyRnd3dy5ncnVwYm9peC5jb20lMkZ3cC1jb250ZW50JTJGdXBsb2FkcyUyRjIwMjIlMkYwOSUyRmJvaXhfZXF1aXBvX2RpcmVjY2lvbi0xLmpwZyUyOSUyMiUzRSUzQyUyRmRpdiUzRQ==[\/vc_raw_html][\/vc_column_inner][\/vc_row_inner][\/vc_column][\/vc_row][vc_row el_class=\u00bbsection-galeria\u00bb][vc_column el_class=\u00bbcontainer\u00bb]    <!-- Slider main container -->\r\n    <div class=\"cont-slider-sos\">\r\n\t    <div id=\"swiper_69f4de8171e31\" class=\"swiper-container\">\r\n\t        <!-- Additional required wrapper -->\r\n\t        <div class=\"swiper-wrapper\">\r\n\t            <!-- Slides -->\r\n\t                <div class=\"swiper-slide\">\r\n    \t[vc_column_text]<a href=\"https:\/\/www.grupboix.com\/wp-content\/uploads\/2021\/10\/equipo-comercial.jpg\"><img loading=\"lazy\" decoding=\"async\" class=\"alignnone wp-image-318 size-full\" src=\"https:\/\/www.grupboix.com\/wp-content\/uploads\/2021\/10\/equipo-comercial.jpg\" alt=\"\" width=\"622\" height=\"415\" srcset=\"https:\/\/www.grupboix.com\/wp-content\/uploads\/2021\/10\/equipo-comercial.jpg 622w, https:\/\/www.grupboix.com\/wp-content\/uploads\/2021\/10\/equipo-comercial-300x200.jpg 300w\" sizes=\"auto, (max-width: 622px) 100vw, 622px\" \/><\/a><\/p>\n<h4>Equipo Comercial<\/h4>\n<p>[\/vc_column_text]    <\/div>\r\n    <div class=\"swiper-slide\">\r\n    \t[vc_column_text]<a href=\"https:\/\/www.grupboix.com\/wp-content\/uploads\/2021\/10\/equipo-de-oficinas.jpg\"><img loading=\"lazy\" decoding=\"async\" class=\"alignnone size-full wp-image-319\" src=\"https:\/\/www.grupboix.com\/wp-content\/uploads\/2021\/10\/equipo-de-oficinas.jpg\" alt=\"\" width=\"622\" height=\"415\" srcset=\"https:\/\/www.grupboix.com\/wp-content\/uploads\/2021\/10\/equipo-de-oficinas.jpg 622w, https:\/\/www.grupboix.com\/wp-content\/uploads\/2021\/10\/equipo-de-oficinas-300x200.jpg 300w\" sizes=\"auto, (max-width: 622px) 100vw, 622px\" \/><\/a><\/p>\n<h4>Equipo de oficinas<\/h4>\n<p>[\/vc_column_text]    <\/div>\r\n    <div class=\"swiper-slide\">\r\n    \t[vc_column_text]<a href=\"https:\/\/www.grupboix.com\/wp-content\/uploads\/2021\/10\/equipo-tecnico.jpg\"><img loading=\"lazy\" decoding=\"async\" class=\"alignnone size-full wp-image-317\" src=\"https:\/\/www.grupboix.com\/wp-content\/uploads\/2021\/10\/equipo-tecnico.jpg\" alt=\"\" width=\"622\" height=\"415\" srcset=\"https:\/\/www.grupboix.com\/wp-content\/uploads\/2021\/10\/equipo-tecnico.jpg 622w, https:\/\/www.grupboix.com\/wp-content\/uploads\/2021\/10\/equipo-tecnico-300x200.jpg 300w\" sizes=\"auto, (max-width: 622px) 100vw, 622px\" \/><\/a><\/p>\n<h4>Equipo t\u00e9cnico\/industrial<\/h4>\n<p>[\/vc_column_text]    <\/div>\r\n    <div class=\"swiper-slide\">\r\n    \t[vc_column_text]<a href=\"https:\/\/www.grupboix.com\/wp-content\/uploads\/2021\/10\/equipo-forestal.jpg\"><img loading=\"lazy\" decoding=\"async\" class=\"alignnone size-full wp-image-316\" src=\"https:\/\/www.grupboix.com\/wp-content\/uploads\/2021\/10\/equipo-forestal.jpg\" alt=\"\" width=\"624\" height=\"416\" srcset=\"https:\/\/www.grupboix.com\/wp-content\/uploads\/2021\/10\/equipo-forestal.jpg 624w, https:\/\/www.grupboix.com\/wp-content\/uploads\/2021\/10\/equipo-forestal-300x200.jpg 300w\" sizes=\"auto, (max-width: 624px) 100vw, 624px\" \/><\/a><\/p>\n<h4>Equipo Forestal<\/h4>\n<p>[\/vc_column_text]    <\/div>\r\n\t        <\/div>\r\n\r\n\t        \t    <\/div>\r\n\t\t<div class=\"swiper-arrow-button swiper-button-prev swiper-button-prev-btn\"><\/div>\r\n\t\t<div class=\"swiper-arrow-button swiper-button-next swiper-button-next-btn\"><\/div>\r\n\t<\/div>\r\n\r\n    <!-- Initialize Swiper -->\r\n\t<script>\r\n\t\tvar swiper_swiper_69f4de8171e31 = new Swiper('#swiper_69f4de8171e31', {\r\n\t\t  slidesPerView: 1,\nspaceBetween: 0,\nloop: true,\nnavigation: {\nnextEl: '.swiper-button-prev-btn',\nprevEl: '.swiper-button-next-btn',\n},\npagination: {\nel: '.swiper-pagination-swiper_69f4de8171e31',\nclickable: true,\ntype: 'bullets'\n},\nbreakpoints: {\n767: {\nslidesPerView: 2,\nspaceBetween: 30,\n},\n991: {\nslidesPerView: 4.5,\nspaceBetween: 30,\n},\n1199: {\nslidesPerView: 2.3,\nspaceBetween: 30,\ncenteredSlides: true,\n},\n}\t\t});\r\n\t<\/script>\r\n[\/vc_column][\/vc_row]<\/p>\n<\/div>","protected":false},"excerpt":{"rendered":"<p>[vc_row el_class=\u00bbsection-quienes-somos section-imagen-left\u00bb][vc_column el_class=\u00bbcontainer\u00bb][vc_row_inner][vc_column_inner el_class=\u00bbcolumna-imagen\u00bb width=\u00bb1\/2&#8243;][vc_raw_html]JTNDZGl2JTIwY2xhc3MlM0QlMjJpbWctYmxvY2stbGVmdCUyMiUyMHN0eWxlJTNEJTIyYmFja2dyb3VuZC1pbWFnZSUzQSUyMHVybCUyOGh0dHBzJTNBJTJGJTJGd3d3LmdydXBib2l4LmNvbSUyRndwLWNvbnRlbnQlMkZ1cGxvYWRzJTJGMjAyMiUyRjA5JTJGZW1wcmVzYS1xdWllbmVzLTEuanBnJTI5JTIyJTNFJTNDJTJGZGl2JTNF[\/vc_raw_html][\/vc_column_inner][vc_column_inner el_class=\u00bbcol-negocio-texto\u00bb width=\u00bb1\/2&#8243;][vc_column_text] Originarios del Bergued\u00e0, hemos vivido siempre vinculados al bosque y con el compromiso de trabajar para el desarrollo econ\u00f3mico territorial y la gesti\u00f3n sostenible del medio natural. Aplicamos la innovaci\u00f3n para crear valor al capital natural forestal, garantizamos la conservaci\u00f3n y la regeneraci\u00f3n natural de los bosques [&hellip;]<\/p>\n","protected":false},"author":3,"featured_media":0,"parent":0,"menu_order":0,"comment_status":"closed","ping_status":"closed","template":"","meta":{"footnotes":""},"class_list":["post-18","page","type-page","status-publish","hentry"],"yoast_head":"<!-- This site is optimized with the Yoast SEO plugin v27.5 - https:\/\/yoast.com\/product\/yoast-seo-wordpress\/ -->\n<title>Empresa - Grup Boix<\/title>\n<meta name=\"description\" content=\"Innovaci\u00f3n, conservaci\u00f3n y la regeneraci\u00f3n natural de los bosques, modernizaci\u00f3n de la ind\u00fastria y mayor competitividad del sector forestal.\" \/>\n<meta name=\"robots\" content=\"index, follow, max-snippet:-1, max-image-preview:large, max-video-preview:-1\" \/>\n<link rel=\"canonical\" href=\"https:\/\/www.grupboix.com\/es\/empresa\/\" \/>\n<meta property=\"og:locale\" content=\"es_ES\" \/>\n<meta property=\"og:type\" content=\"article\" \/>\n<meta property=\"og:title\" content=\"Empresa - Grup Boix\" \/>\n<meta property=\"og:description\" content=\"Innovaci\u00f3n, conservaci\u00f3n y la regeneraci\u00f3n natural de los bosques, modernizaci\u00f3n de la ind\u00fastria y mayor competitividad del sector forestal.\" \/>\n<meta property=\"og:url\" content=\"https:\/\/www.grupboix.com\/es\/empresa\/\" \/>\n<meta property=\"og:site_name\" content=\"Grup Boix\" \/>\n<meta property=\"article:publisher\" content=\"https:\/\/www.facebook.com\/serradoraboix\" \/>\n<meta property=\"article:modified_time\" content=\"2022-09-02T13:58:28+00:00\" \/>\n<meta property=\"og:image\" content=\"https:\/\/www.grupboix.com\/wp-content\/uploads\/2021\/10\/equipo-comercial.jpg\" \/>\n<meta name=\"twitter:card\" content=\"summary_large_image\" \/>\n<meta name=\"twitter:site\" content=\"@serradoraboix\" \/>\n<meta name=\"twitter:label1\" content=\"Tiempo de lectura\" \/>\n\t<meta name=\"twitter:data1\" content=\"3 minutos\" \/>\n<script type=\"application\/ld+json\" class=\"yoast-schema-graph\">{\"@context\":\"https:\\\/\\\/schema.org\",\"@graph\":[{\"@type\":\"WebPage\",\"@id\":\"https:\\\/\\\/www.grupboix.com\\\/es\\\/empresa\\\/\",\"url\":\"https:\\\/\\\/www.grupboix.com\\\/es\\\/empresa\\\/\",\"name\":\"Empresa - Grup Boix\",\"isPartOf\":{\"@id\":\"https:\\\/\\\/www.grupboix.com\\\/#website\"},\"primaryImageOfPage\":{\"@id\":\"https:\\\/\\\/www.grupboix.com\\\/es\\\/empresa\\\/#primaryimage\"},\"image\":{\"@id\":\"https:\\\/\\\/www.grupboix.com\\\/es\\\/empresa\\\/#primaryimage\"},\"thumbnailUrl\":\"https:\\\/\\\/www.grupboix.com\\\/wp-content\\\/uploads\\\/2021\\\/10\\\/equipo-comercial.jpg\",\"datePublished\":\"2022-02-03T10:39:28+00:00\",\"dateModified\":\"2022-09-02T13:58:28+00:00\",\"description\":\"Innovaci\u00f3n, conservaci\u00f3n y la regeneraci\u00f3n natural de los bosques, modernizaci\u00f3n de la ind\u00fastria y mayor competitividad del sector forestal.\",\"inLanguage\":\"es\",\"potentialAction\":[{\"@type\":\"ReadAction\",\"target\":[\"https:\\\/\\\/www.grupboix.com\\\/es\\\/empresa\\\/\"]}]},{\"@type\":\"ImageObject\",\"inLanguage\":\"es\",\"@id\":\"https:\\\/\\\/www.grupboix.com\\\/es\\\/empresa\\\/#primaryimage\",\"url\":\"https:\\\/\\\/www.grupboix.com\\\/wp-content\\\/uploads\\\/2021\\\/10\\\/equipo-comercial.jpg\",\"contentUrl\":\"https:\\\/\\\/www.grupboix.com\\\/wp-content\\\/uploads\\\/2021\\\/10\\\/equipo-comercial.jpg\"},{\"@type\":\"WebSite\",\"@id\":\"https:\\\/\\\/www.grupboix.com\\\/#website\",\"url\":\"https:\\\/\\\/www.grupboix.com\\\/\",\"name\":\"Grup Boix\",\"description\":\"Fusta avui, bosc per sempre! Assegurar la protecci\u00f3, la regeneraci\u00f3 i la superviv\u00e8ncia dels boscos per millorar la seva capacitat d\u2019adaptaci\u00f3 i mantenir la biodiversitat\",\"potentialAction\":[{\"@type\":\"SearchAction\",\"target\":{\"@type\":\"EntryPoint\",\"urlTemplate\":\"https:\\\/\\\/www.grupboix.com\\\/?s={search_term_string}\"},\"query-input\":{\"@type\":\"PropertyValueSpecification\",\"valueRequired\":true,\"valueName\":\"search_term_string\"}}],\"inLanguage\":\"es\"}]}<\/script>\n<!-- \/ Yoast SEO plugin. -->","yoast_head_json":{"title":"Empresa - Grup Boix","description":"Innovaci\u00f3n, conservaci\u00f3n y la regeneraci\u00f3n natural de los bosques, modernizaci\u00f3n de la ind\u00fastria y mayor competitividad del sector forestal.","robots":{"index":"index","follow":"follow","max-snippet":"max-snippet:-1","max-image-preview":"max-image-preview:large","max-video-preview":"max-video-preview:-1"},"canonical":"https:\/\/www.grupboix.com\/es\/empresa\/","og_locale":"es_ES","og_type":"article","og_title":"Empresa - Grup Boix","og_description":"Innovaci\u00f3n, conservaci\u00f3n y la regeneraci\u00f3n natural de los bosques, modernizaci\u00f3n de la ind\u00fastria y mayor competitividad del sector forestal.","og_url":"https:\/\/www.grupboix.com\/es\/empresa\/","og_site_name":"Grup Boix","article_publisher":"https:\/\/www.facebook.com\/serradoraboix","article_modified_time":"2022-09-02T13:58:28+00:00","og_image":[{"url":"https:\/\/www.grupboix.com\/wp-content\/uploads\/2021\/10\/equipo-comercial.jpg","type":"","width":"","height":""}],"twitter_card":"summary_large_image","twitter_site":"@serradoraboix","twitter_misc":{"Tiempo de lectura":"3 minutos"},"schema":{"@context":"https:\/\/schema.org","@graph":[{"@type":"WebPage","@id":"https:\/\/www.grupboix.com\/es\/empresa\/","url":"https:\/\/www.grupboix.com\/es\/empresa\/","name":"Empresa - Grup Boix","isPartOf":{"@id":"https:\/\/www.grupboix.com\/#website"},"primaryImageOfPage":{"@id":"https:\/\/www.grupboix.com\/es\/empresa\/#primaryimage"},"image":{"@id":"https:\/\/www.grupboix.com\/es\/empresa\/#primaryimage"},"thumbnailUrl":"https:\/\/www.grupboix.com\/wp-content\/uploads\/2021\/10\/equipo-comercial.jpg","datePublished":"2022-02-03T10:39:28+00:00","dateModified":"2022-09-02T13:58:28+00:00","description":"Innovaci\u00f3n, conservaci\u00f3n y la regeneraci\u00f3n natural de los bosques, modernizaci\u00f3n de la ind\u00fastria y mayor competitividad del sector forestal.","inLanguage":"es","potentialAction":[{"@type":"ReadAction","target":["https:\/\/www.grupboix.com\/es\/empresa\/"]}]},{"@type":"ImageObject","inLanguage":"es","@id":"https:\/\/www.grupboix.com\/es\/empresa\/#primaryimage","url":"https:\/\/www.grupboix.com\/wp-content\/uploads\/2021\/10\/equipo-comercial.jpg","contentUrl":"https:\/\/www.grupboix.com\/wp-content\/uploads\/2021\/10\/equipo-comercial.jpg"},{"@type":"WebSite","@id":"https:\/\/www.grupboix.com\/#website","url":"https:\/\/www.grupboix.com\/","name":"Grup Boix","description":"Fusta avui, bosc per sempre! Assegurar la protecci\u00f3, la regeneraci\u00f3 i la superviv\u00e8ncia dels boscos per millorar la seva capacitat d\u2019adaptaci\u00f3 i mantenir la biodiversitat","potentialAction":[{"@type":"SearchAction","target":{"@type":"EntryPoint","urlTemplate":"https:\/\/www.grupboix.com\/?s={search_term_string}"},"query-input":{"@type":"PropertyValueSpecification","valueRequired":true,"valueName":"search_term_string"}}],"inLanguage":"es"}]}},"_links":{"self":[{"href":"https:\/\/www.grupboix.com\/es\/wp-json\/wp\/v2\/pages\/18","targetHints":{"allow":["GET"]}}],"collection":[{"href":"https:\/\/www.grupboix.com\/es\/wp-json\/wp\/v2\/pages"}],"about":[{"href":"https:\/\/www.grupboix.com\/es\/wp-json\/wp\/v2\/types\/page"}],"author":[{"embeddable":true,"href":"https:\/\/www.grupboix.com\/es\/wp-json\/wp\/v2\/users\/3"}],"replies":[{"embeddable":true,"href":"https:\/\/www.grupboix.com\/es\/wp-json\/wp\/v2\/comments?post=18"}],"version-history":[{"count":33,"href":"https:\/\/www.grupboix.com\/es\/wp-json\/wp\/v2\/pages\/18\/revisions"}],"predecessor-version":[{"id":1564,"href":"https:\/\/www.grupboix.com\/es\/wp-json\/wp\/v2\/pages\/18\/revisions\/1564"}],"wp:attachment":[{"href":"https:\/\/www.grupboix.com\/es\/wp-json\/wp\/v2\/media?parent=18"}],"curies":[{"name":"wp","href":"https:\/\/api.w.org\/{rel}","templated":true}]}}